{"id":210687,"date":"2026-02-03T12:00:31","date_gmt":"2026-02-03T10:00:31","guid":{"rendered":"https:\/\/www.etic.ro\/?post_type=product&#038;p=210687"},"modified":"2026-04-29T14:29:27","modified_gmt":"2026-04-29T12:29:27","slug":"camasa-fluida-cu-model-floral-tamara-maro","status":"publish","type":"product","link":"https:\/\/www.etic.ro\/en\/product\/camasa-fluida-cu-model-floral-tamara-maro\/","title":{"rendered":"Camasa fluida cu model floral Tamara"},"content":{"rendered":"<div class=\"relative basis-auto flex-col -mb-(--composer-overlap-px) pb-(--composer-overlap-px) [--composer-overlap-px:28px] grow flex\">\n<div class=\"flex flex-col text-sm pb-25\">\n<section class=\"text-token-text-primary w-full focus:outline-none [--shadow-height:45px] has-data-writing-block:pointer-events-none has-data-writing-block:-mt-(--shadow-height) has-data-writing-block:pt-(--shadow-height) [&amp;:has([data-writing-block])&gt;*]:pointer-events-auto scroll-mt-[calc(var(--header-height)+min(200px,max(70px,20svh)))]\" dir=\"auto\" data-turn-id=\"request-WEB:f009cc90-e997-4228-bb9e-f84b82c59942-5\" data-testid=\"conversation-turn-12\" data-scroll-anchor=\"true\" data-turn=\"assistant\">\n<div class=\"text-base my-auto mx-auto pb-10 [--thread-content-margin:var(--thread-content-margin-xs,calc(var(--spacing)*4))] @w-sm\/main:[--thread-content-margin:var(--thread-content-margin-sm,calc(var(--spacing)*6))] @w-lg\/main:[--thread-content-margin:var(--thread-content-margin-lg,calc(var(--spacing)*16))] px-(--thread-content-margin)\">\n<div class=\"[--thread-content-max-width:40rem] @w-lg\/main:[--thread-content-max-width:48rem] mx-auto max-w-(--thread-content-max-width) flex-1 group\/turn-messages focus-visible:outline-hidden relative flex w-full min-w-0 flex-col agent-turn\">\n<div class=\"flex max-w-full flex-col gap-4 grow\">\n<div class=\"min-h-8 text-message relative flex w-full flex-col items-end gap-2 text-start break-words whitespace-normal outline-none keyboard-focused:focus-ring [.text-message+&amp;]:mt-1\" dir=\"auto\" tabindex=\"0\" data-message-author-role=\"assistant\" data-message-id=\"07877bf9-abdf-44ec-aeb0-7fd6cca3b6b5\" data-message-model-slug=\"gpt-5-3\" data-turn-start-message=\"true\">\n<div class=\"flex w-full flex-col gap-1 empty:hidden\">\n<div class=\"markdown prose dark:prose-invert w-full wrap-break-word light markdown-new-styling\">\n<h2 data-start=\"0\" data-end=\"368\">Camasa fluida cu model floral Tamara<\/h2>\n<p data-start=\"0\" data-end=\"368\">C\u0103ma\u0219a fluid\u0103 model floral Tamara este alegerea ideal\u0103 pentru femeia modern\u0103 care \u00ee\u0219i dore\u0219te un look elegant, feminin \u0219i u\u0219or de purtat \u00een orice moment al zilei. Cu un design rafinat \u0219i un imprimeu floral delicat \u00een nuan\u021be de albastru, aceast\u0103 c\u0103ma\u0219\u0103 reu\u0219e\u0219te s\u0103 \u00eembine perfect stilul clasic cu tendin\u021bele actuale, oferind o pies\u0103 vestimentar\u0103 versatil\u0103 \u0219i de impact.<\/p>\n<p data-start=\"370\" data-end=\"770\">Realizat\u0103 dintr-un material u\u0219or \u0219i fluid, c\u0103ma\u0219a fluid\u0103 model floral Tamara ofer\u0103 un confort deosebit \u0219i o senza\u021bie pl\u0103cut\u0103 la atingere. Textura fin\u0103 permite pielii s\u0103 respire, fiind ideal\u0103 pentru sezonul cald, dar \u0219i pentru zilele \u00een care \u00ee\u021bi dore\u0219ti o \u021binut\u0103 lejer\u0103, dar sofisticat\u0103. Croiala relaxat\u0103 avantajeaz\u0103 orice tip de siluet\u0103, oferind libertate de mi\u0219care \u0219i un aspect natural, f\u0103r\u0103 efort.<\/p>\n<p data-start=\"772\" data-end=\"1114\">Imprimeul floral este elementul care transform\u0103 aceast\u0103 pies\u0103 \u00eentr-una special\u0103. Modelul delicat, \u00een tonuri de albastru, aduce un aer fresh \u0219i elegant, fiind u\u0219or de integrat \u00een diverse combina\u021bii vestimentare. C\u0103ma\u0219a fluid\u0103 model floral Tamara devine astfel piesa central\u0103 a oric\u0103rei \u021binute, atr\u0103g\u00e2nd privirile prin simplitate \u0219i rafinament.<\/p>\n<p data-start=\"1116\" data-end=\"1527\">Designul este completat de detalii subtile care \u00eei confer\u0103 un plus de stil. Gulerul clasic adaug\u0103 o not\u0103 elegant\u0103, \u00een timp ce \u00eenchiderea cu nasturi ofer\u0103 func\u021bionalitate \u0219i versatilitate. M\u00e2necile lungi pot fi purtate at\u00e2t \u00een varianta clasic\u0103, c\u00e2t \u0219i u\u0219or suflecate pentru un look mai relaxat \u0219i modern. Linia lejer\u0103 a c\u0103m\u0103\u0219ii o face potrivit\u0103 at\u00e2t pentru \u021binute casual, c\u00e2t \u0219i pentru outfituri mai sofisticate.<\/p>\n<p data-start=\"1529\" data-end=\"1956\">C\u0103ma\u0219a fluid\u0103 model floral Tamara este extrem de versatil\u0103 \u0219i poate fi purtat\u0103 \u00een numeroase moduri. Pentru un look de zi, o po\u021bi asorta cu pantaloni albi sau jean\u0219i \u0219i o pereche de sneakers sau sandale. Pentru un outfit office, combin-o cu pantaloni elegan\u021bi \u0219i pantofi cu toc, ob\u021bin\u00e2nd o \u021binut\u0103 feminin\u0103 \u0219i profesionist\u0103. De asemenea, poate fi purtat\u0103 descheiat\u0103 peste un top simplu, pentru un efect layering modern \u0219i stilat.<\/p>\n<p data-start=\"1958\" data-end=\"2351\">Un alt avantaj al acestei c\u0103m\u0103\u0219i este u\u0219urin\u021ba cu care se adapteaz\u0103 diferitelor stiluri personale. Dac\u0103 preferi un look minimalist, o po\u021bi combina cu piese simple \u0219i accesorii discrete. Dac\u0103 \u00ee\u021bi dore\u0219ti un outfit mai \u00eendr\u0103zne\u021b, adaug\u0103 accesorii statement sau \u00eenc\u0103l\u021b\u0103minte cu personalitate. C\u0103ma\u0219a fluid\u0103 model floral Tamara \u00ee\u021bi ofer\u0103 libertatea de a experimenta \u0219i de a-\u021bi exprima stilul unic.<\/p>\n<p data-start=\"2353\" data-end=\"2641\">Calitatea materialului \u0219i aten\u021bia la detalii fac din aceast\u0103 c\u0103ma\u0219\u0103 o pies\u0103 durabil\u0103, care \u00ee\u0219i p\u0103streaz\u0103 aspectul impecabil \u00een timp. Este u\u0219or de \u00eentre\u021binut \u0219i \u00ee\u0219i men\u021bine culorile \u0219i forma chiar \u0219i dup\u0103 mai multe sp\u0103l\u0103ri, ceea ce o transform\u0103 \u00eentr-o alegere practic\u0103 pentru garderoba ta.<\/p>\n<p data-start=\"2643\" data-end=\"2917\">C\u0103ma\u0219a fluid\u0103 model floral Tamara este perfect\u0103 pentru diverse ocazii \u2013 de la \u00eent\u00e2lniri casual \u0219i zile la birou, p\u00e2n\u0103 la ie\u0219iri \u00een ora\u0219 sau vacan\u021be. Este genul de pies\u0103 care te scoate din impas atunci c\u00e2nd nu \u0219tii ce s\u0103 por\u021bi, oferindu-\u021bi instant un look \u00eengrijit \u0219i stilat.<\/p>\n<p data-start=\"2919\" data-end=\"3287\" data-is-last-node=\"\" data-is-only-node=\"\">Alege c\u0103ma\u0219a fluid\u0103 model floral Tamara pentru un plus de elegan\u021b\u0103 \u0219i prospe\u021bime \u00een garderoba ta. Este piesa care \u00eembin\u0103 confortul cu stilul \u0219i care \u00ee\u021bi va completa perfect \u021binutele, indiferent de sezon sau ocazie. Cu un design feminin \u0219i o croial\u0103 lejer\u0103, aceast\u0103 c\u0103ma\u0219\u0103 devine rapid una dintre favoritele tale, oferindu-\u021bi \u00eencredere \u0219i rafinament la fiecare purtare.<\/p>\n<\/div>\n<\/div>\n<\/div>\n<\/div>\n<div class=\"z-0 flex min-h-[46px] justify-start\">\n<p data-start=\"0\" data-end=\"364\">C\u0103ma\u0219a fluid\u0103 model floral Tamara se remarc\u0103 \u0219i prin versatilitatea cromatic\u0103, fiind u\u0219or de integrat \u00een \u021binute \u00een tonuri neutre sau pastelate. Nuan\u021bele de albastru din imprimeu ofer\u0103 un aer calm \u0219i elegant, fiind perfecte pentru combina\u021bii cu alb, bej, gri sau denim. Astfel, po\u021bi crea rapid outfituri armonioase, f\u0103r\u0103 efort, care transmit rafinament \u0219i bun gust.<\/p>\n<p data-start=\"366\" data-end=\"731\">Un alt aspect care face ca aceast\u0103 c\u0103ma\u0219\u0103 s\u0103 fie at\u00e2t de apreciat\u0103 este faptul c\u0103 poate fi purtat\u0103 pe tot parcursul zilei, f\u0103r\u0103 s\u0103 \u00ee\u0219i piard\u0103 din farmec. Diminea\u021ba poate avea un aer fresh \u0219i relaxat, iar seara, cu accesoriile potrivite, poate deveni o pies\u0103 elegant\u0103 \u0219i sofisticat\u0103. Este genul de articol vestimentar care se adapteaz\u0103 stilului t\u0103u de via\u021b\u0103 dinamic.<\/p>\n<p data-start=\"733\" data-end=\"1154\" data-is-last-node=\"\" data-is-only-node=\"\">\u00cen plus, c\u0103ma\u0219a fluid\u0103 model floral Tamara este ideal\u0103 \u0219i pentru vacan\u021be sau escapade de weekend, datorit\u0103 materialului u\u0219or \u0219i a designului feminin. Se \u00eempacheteaz\u0103 u\u0219or, nu ocup\u0103 mult spa\u021biu \u0219i poate fi purtat\u0103 \u00een multiple combina\u021bii, oferindu-\u021bi mai multe op\u021biuni cu un singur produs. Alege aceast\u0103 c\u0103ma\u0219\u0103 pentru a ad\u0103uga un plus de stil \u0219i naturale\u021be garderobei tale \u0219i bucur\u0103-te de un look impecabil \u00een orice moment.<\/p>\n<\/div>\n<div class=\"mt-3 w-full empty:hidden\">\n<div class=\"text-center\"><\/div>\n<\/div>\n<\/div>\n<\/div>\n<\/section>\n<\/div>\n<div class=\"pointer-events-none h-px w-px absolute bottom-0\" aria-hidden=\"true\" data-edge=\"true\"><\/div>\n<\/div>\n<div id=\"thread-bottom-container\" class=\"sticky bottom-0 z-10 group\/thread-bottom-container relative isolate w-full basis-auto has-data-has-thread-error:pt-2 has-data-has-thread-error:[box-shadow:var(--sharp-edge-bottom-shadow)] md:border-transparent md:pt-0 dark:border-white\/20 md:dark:border-transparent print:hidden content-fade single-line flex flex-col\">\n<div class=\"relative mx-auto h-0\">\n<div><\/div>\n<\/div>\n<div id=\"thread-bottom\">\n<div>\n<div class=\"text-base mx-auto [--thread-content-margin:var(--thread-content-margin-xs,calc(var(--spacing)*4))] @w-sm\/main:[--thread-content-margin:var(--thread-content-margin-sm,calc(var(--spacing)*6))] @w-lg\/main:[--thread-content-margin:var(--thread-content-margin-lg,calc(var(--spacing)*16))] px-(--thread-content-margin)\">\n<div class=\"[--thread-content-max-width:40rem] @w-lg\/main:[--thread-content-max-width:48rem] mx-auto max-w-(--thread-content-max-width) flex-1 mb-[var(--thread-component-gap,1rem)]\">\n<div class=\"pointer-events-auto relative z-1 flex h-(--composer-container-height,100%) max-w-full flex-(--composer-container-flex,1) flex-col\">\n<form class=\"group\/composer w-full\" data-type=\"unified-composer\">\n<div class=\"\">\n<div class=\"bg-token-bg-primary corner-superellipse\/1.1 cursor-text overflow-clip bg-clip-padding p-2.5 contain-inline-size motion-safe:transition-colors motion-safe:duration-200 motion-safe:ease-in-out dark:bg-[#303030] grid grid-cols-[auto_1fr_auto] [grid-template-areas:'header_header_header'_'leading_primary_trailing'_'._footer_.'] group-data-expanded\/composer:[grid-template-areas:'header_header_header'_'primary_primary_primary'_'leading_footer_trailing'] shadow-short-composer\" data-composer-surface=\"true\">\n<div class=\"flex items-center gap-2 [grid-area:trailing]\">\n<div class=\"ms-auto flex items-center gap-1.5\"><\/div>\n<\/div>\n<\/div>\n<\/div>\n<\/form>\n<\/div>\n<\/div>\n<\/div>\n<\/div>\n<\/div>\n<\/div>\n","protected":false},"excerpt":{"rendered":"<ul>\n<li>Modelul poarta marimea S\/M si are inaltimea 1.77 cm.<\/li>\n<li>Compozitie:48%bumbac,40%vascoza,12%poliester<\/li>\n<\/ul>","protected":false},"featured_media":210693,"comment_status":"open","ping_status":"closed","template":"","meta":[],"product_brand":[],"product_cat":[436,446,28,447,506],"product_tag":[],"class_list":{"0":"post-210687","1":"product","2":"type-product","3":"status-publish","4":"has-post-thumbnail","6":"product_cat-haine-dama","7":"product_cat-camasi-casual-dama","8":"product_cat-camasi-dama","9":"product_cat-camasi-office-dama","10":"product_cat-noua-colectie","11":"pa_colectie-primavara-vara-2026","12":"pa_culoare-maro","13":"pa_marime-l-xl","14":"pa_marime-s-m","15":"shop-item","16":"sr-item","18":"first","19":"instock","20":"taxable","21":"shipping-taxable","22":"purchasable","23":"product-type-variable"},"_links":{"self":[{"href":"https:\/\/www.etic.ro\/en\/wp-json\/wp\/v2\/product\/210687","targetHints":{"allow":["GET"]}}],"collection":[{"href":"https:\/\/www.etic.ro\/en\/wp-json\/wp\/v2\/product"}],"about":[{"href":"https:\/\/www.etic.ro\/en\/wp-json\/wp\/v2\/types\/product"}],"replies":[{"embeddable":true,"href":"https:\/\/www.etic.ro\/en\/wp-json\/wp\/v2\/comments?post=210687"}],"wp:featuredmedia":[{"embeddable":true,"href":"https:\/\/www.etic.ro\/en\/wp-json\/wp\/v2\/media\/210693"}],"wp:attachment":[{"href":"https:\/\/www.etic.ro\/en\/wp-json\/wp\/v2\/media?parent=210687"}],"wp:term":[{"taxonomy":"product_brand","embeddable":true,"href":"https:\/\/www.etic.ro\/en\/wp-json\/wp\/v2\/product_brand?post=210687"},{"taxonomy":"product_cat","embeddable":true,"href":"https:\/\/www.etic.ro\/en\/wp-json\/wp\/v2\/product_cat?post=210687"},{"taxonomy":"product_tag","embeddable":true,"href":"https:\/\/www.etic.ro\/en\/wp-json\/wp\/v2\/product_tag?post=210687"}],"curies":[{"name":"wp","href":"https:\/\/api.w.org\/{rel}","templated":true}]}}