{"id":205389,"date":"2026-02-03T14:18:41","date_gmt":"2026-02-03T12:18:41","guid":{"rendered":"https:\/\/www.etic.ro\/?post_type=product&#038;p=205389"},"modified":"2026-04-04T06:21:16","modified_gmt":"2026-04-04T04:21:16","slug":"camasa-cu-curea-in-talie-ema-2","status":"publish","type":"product","link":"https:\/\/www.etic.ro\/en\/product\/camasa-cu-curea-in-talie-ema-2\/","title":{"rendered":"Camasa cu curea in talie Ema"},"content":{"rendered":"<div class=\"flex flex-col text-sm pb-25\">\n<article class=\"text-token-text-primary w-full focus:outline-none [--shadow-height:45px] has-data-writing-block:pointer-events-none has-data-writing-block:-mt-(--shadow-height) has-data-writing-block:pt-(--shadow-height) [&amp;:has([data-writing-block])&gt;*]:pointer-events-auto scroll-mt-[calc(var(--header-height)+min(200px,max(70px,20svh)))]\" dir=\"auto\" tabindex=\"-1\" data-turn-id=\"request-69a17fec-1d08-8386-a804-2a2e9be8a0a0-3\" data-testid=\"conversation-turn-38\" data-scroll-anchor=\"true\" data-turn=\"assistant\">\n<div class=\"text-base my-auto mx-auto pb-10 [--thread-content-margin:--spacing(4)] @w-sm\/main:[--thread-content-margin:--spacing(6)] @w-lg\/main:[--thread-content-margin:--spacing(16)] px-(--thread-content-margin)\">\n<div class=\"[--thread-content-max-width:40rem] @w-lg\/main:[--thread-content-max-width:48rem] mx-auto max-w-(--thread-content-max-width) flex-1 group\/turn-messages focus-visible:outline-hidden relative flex w-full min-w-0 flex-col agent-turn\" tabindex=\"-1\">\n<div class=\"z-0 flex min-h-[46px] justify-start\">\n<div class=\"pointer-events-none h-px w-px absolute bottom-0\" aria-hidden=\"true\" data-edge=\"true\">\n<div class=\"flex flex-col text-sm pb-25\">\n<article class=\"text-token-text-primary w-full focus:outline-none [--shadow-height:45px] has-data-writing-block:pointer-events-none has-data-writing-block:-mt-(--shadow-height) has-data-writing-block:pt-(--shadow-height) [&amp;:has([data-writing-block])&gt;*]:pointer-events-auto scroll-mt-(--header-height)\" dir=\"auto\" tabindex=\"-1\" data-turn-id=\"9ef7e46a-7f71-4324-acab-9dc006c95fc6\" data-testid=\"conversation-turn-1\" data-scroll-anchor=\"false\" data-turn=\"user\"><\/article>\n<article class=\"text-token-text-primary w-full focus:outline-none [--shadow-height:45px] has-data-writing-block:pointer-events-none has-data-writing-block:-mt-(--shadow-height) has-data-writing-block:pt-(--shadow-height) [&amp;:has([data-writing-block])&gt;*]:pointer-events-auto scroll-mt-[calc(var(--header-height)+min(200px,max(70px,20svh)))]\" dir=\"auto\" tabindex=\"-1\" data-turn-id=\"request-WEB:845c565d-e47f-4447-a305-ae44619f2bb8-5\" data-testid=\"conversation-turn-2\" data-scroll-anchor=\"true\" data-turn=\"assistant\">\n<div class=\"text-base my-auto mx-auto pb-10 [--thread-content-margin:--spacing(4)] @w-sm\/main:[--thread-content-margin:--spacing(6)] @w-lg\/main:[--thread-content-margin:--spacing(16)] px-(--thread-content-margin)\">\n<div class=\"[--thread-content-max-width:40rem] @w-lg\/main:[--thread-content-max-width:48rem] mx-auto max-w-(--thread-content-max-width) flex-1 group\/turn-messages focus-visible:outline-hidden relative flex w-full min-w-0 flex-col agent-turn\" tabindex=\"-1\">\n<div class=\"flex max-w-full flex-col grow\">\n<div class=\"min-h-8 text-message relative flex w-full flex-col items-end gap-2 text-start break-words whitespace-normal [.text-message+&amp;]:mt-1\" dir=\"auto\" data-message-author-role=\"assistant\" data-message-id=\"90498bd9-a761-4cdf-a551-27379b10a88d\" data-message-model-slug=\"gpt-5-2\">\n<div class=\"flex w-full flex-col gap-1 empty:hidden first:pt-[1px]\">\n<div class=\"markdown prose dark:prose-invert w-full wrap-break-word light markdown-new-styling\">\n<div class=\"flex flex-col text-sm pb-25\">\n<article class=\"text-token-text-primary w-full focus:outline-none [--shadow-height:45px] has-data-writing-block:pointer-events-none has-data-writing-block:-mt-(--shadow-height) has-data-writing-block:pt-(--shadow-height) [&amp;:has([data-writing-block])&gt;*]:pointer-events-auto scroll-mt-(--header-height)\" dir=\"auto\" tabindex=\"-1\" data-turn-id=\"bbb8cbca-9337-423f-97c4-57817397b3f5\" data-testid=\"conversation-turn-15\" data-scroll-anchor=\"false\" data-turn=\"user\"><\/article>\n<article class=\"text-token-text-primary w-full focus:outline-none [--shadow-height:45px] has-data-writing-block:pointer-events-none has-data-writing-block:-mt-(--shadow-height) has-data-writing-block:pt-(--shadow-height) [&amp;:has([data-writing-block])&gt;*]:pointer-events-auto scroll-mt-[calc(var(--header-height)+min(200px,max(70px,20svh)))]\" dir=\"auto\" tabindex=\"-1\" data-turn-id=\"request-WEB:845c565d-e47f-4447-a305-ae44619f2bb8-12\" data-testid=\"conversation-turn-16\" data-scroll-anchor=\"true\" data-turn=\"assistant\">\n<div class=\"text-base my-auto mx-auto pb-10 [--thread-content-margin:--spacing(4)] @w-sm\/main:[--thread-content-margin:--spacing(6)] @w-lg\/main:[--thread-content-margin:--spacing(16)] px-(--thread-content-margin)\">\n<div class=\"[--thread-content-max-width:40rem] @w-lg\/main:[--thread-content-max-width:48rem] mx-auto max-w-(--thread-content-max-width) flex-1 group\/turn-messages focus-visible:outline-hidden relative flex w-full min-w-0 flex-col agent-turn\" tabindex=\"-1\">\n<div class=\"flex max-w-full flex-col grow\">\n<div class=\"min-h-8 text-message relative flex w-full flex-col items-end gap-2 text-start break-words whitespace-normal [.text-message+&amp;]:mt-1\" dir=\"auto\" data-message-author-role=\"assistant\" data-message-id=\"7ffdddb0-ad4d-4011-89f3-1161dafb80ae\" data-message-model-slug=\"gpt-5-2\">\n<div class=\"flex w-full flex-col gap-1 empty:hidden first:pt-[1px]\">\n<div class=\"markdown prose dark:prose-invert w-full wrap-break-word light markdown-new-styling\"><\/div>\n<\/div>\n<\/div>\n<\/div>\n<div class=\"mt-3 w-full empty:hidden\">\n<div class=\"text-center\">\n<div class=\"flex flex-col text-sm pb-25\">\n<article class=\"text-token-text-primary w-full focus:outline-none [--shadow-height:45px] has-data-writing-block:pointer-events-none has-data-writing-block:-mt-(--shadow-height) has-data-writing-block:pt-(--shadow-height) [&amp;:has([data-writing-block])&gt;*]:pointer-events-auto scroll-mt-[calc(var(--header-height)+min(200px,max(70px,20svh)))]\" dir=\"auto\" tabindex=\"-1\" data-turn-id=\"request-WEB:845c565d-e47f-4447-a305-ae44619f2bb8-15\" data-testid=\"conversation-turn-22\" data-scroll-anchor=\"true\" data-turn=\"assistant\">\n<div class=\"text-base my-auto mx-auto pb-10 [--thread-content-margin:--spacing(4)] @w-sm\/main:[--thread-content-margin:--spacing(6)] @w-lg\/main:[--thread-content-margin:--spacing(16)] px-(--thread-content-margin)\">\n<div class=\"[--thread-content-max-width:40rem] @w-lg\/main:[--thread-content-max-width:48rem] mx-auto max-w-(--thread-content-max-width) flex-1 group\/turn-messages focus-visible:outline-hidden relative flex w-full min-w-0 flex-col agent-turn\" tabindex=\"-1\">\n<div class=\"flex max-w-full flex-col grow\">\n<div class=\"min-h-8 text-message relative flex w-full flex-col items-end gap-2 text-start break-words whitespace-normal [.text-message+&amp;]:mt-1\" dir=\"auto\" data-message-author-role=\"assistant\" data-message-id=\"6fff8fb2-b762-4f56-938e-7b0141f7afcd\" data-message-model-slug=\"gpt-5-2\">\n<div class=\"flex w-full flex-col gap-1 empty:hidden first:pt-[1px]\">\n<div class=\"markdown prose dark:prose-invert w-full wrap-break-word light markdown-new-styling\">\n<p data-start=\"0\" data-end=\"85\"><strong data-start=\"0\" data-end=\"85\">C\u0103ma\u0219\u0103 cu curea \u00een talie Ema \u2013 feminitate definit\u0103 prin elegan\u021b\u0103 \u0219i versatilitate<\/strong><\/p>\n<p data-start=\"87\" data-end=\"552\">C\u0103ma\u0219a cu curea \u00een talie Ema este piesa vestimentar\u0103 care \u00eembin\u0103 armonios rafinamentul unei croieli feminine cu func\u021bionalitatea unui design modern. Creat\u0103 pentru femeia care \u00ee\u0219i dore\u0219te s\u0103 \u00ee\u0219i eviden\u021bieze silueta \u00eentr-un mod subtil \u0219i elegant, aceast\u0103 c\u0103ma\u0219\u0103 devine rapid un element esen\u021bial \u00een garderoba de zi cu zi. Datorit\u0103 curelei integrate \u00een talie, modelul Ema ofer\u0103 un efect de sub\u021biere vizual\u0103 \u0219i conturare delicat\u0103 a formelor, f\u0103r\u0103 a compromite confortul.<\/p>\n<p data-start=\"554\" data-end=\"994\">Designul c\u0103m\u0103\u0219ii Ema este g\u00e2ndit pentru a pune \u00een valoare propor\u021biile corpului. Croiala este echilibrat\u0103, iar talia marcat\u0103 prin curea adaug\u0103 structur\u0103 \u0219i elegan\u021b\u0103 \u00eentregii \u021binute. Aceast\u0103 caracteristic\u0103 transform\u0103 o c\u0103ma\u0219\u0103 clasic\u0103 \u00eentr-o pies\u0103 statement, potrivit\u0103 at\u00e2t pentru \u021binute office, c\u00e2t \u0219i pentru apari\u021bii casual chic. Cureaua poate fi ajustat\u0103 \u00een func\u021bie de preferin\u021be, permi\u021b\u00e2nd adaptarea croielii la diferite tipuri de siluet\u0103.<\/p>\n<p data-start=\"996\" data-end=\"1476\">Materialul este pl\u0103cut la atingere \u0219i u\u0219or, oferind confort pe tot parcursul zilei. Textura sa permite pielii s\u0103 respire \u0219i asigur\u0103 o c\u0103dere natural\u0103 pe corp. C\u0103ma\u0219a cu curea \u00een talie Ema este ideal\u0103 pentru sezonul de prim\u0103var\u0103 \u0219i toamn\u0103, dar poate fi purtat\u0103 \u0219i \u00een sezonul rece, \u00een combina\u021bie cu sacouri sau paltoane elegante. Versatilitatea sa o face potrivit\u0103 pentru multiple contexte \u2013 de la birou \u0219i \u00eent\u00e2lniri profesionale, p\u00e2n\u0103 la ie\u0219iri \u00een ora\u0219 sau evenimente semi-formale.<\/p>\n<p data-start=\"1478\" data-end=\"1832\">Unul dintre principalele avantaje ale acestei c\u0103m\u0103\u0219i este capacitatea de a crea un efect de siluet\u0103 armonioas\u0103. Marcarea taliei ajut\u0103 la definirea formei corpului, echilibr\u00e2nd propor\u021biile \u0219i oferind un aspect feminin \u0219i rafinat. Este o alegere inspirat\u0103 pentru femeile care \u00ee\u0219i doresc s\u0103 eviden\u021bieze talia sau s\u0103 creeze iluzia unei siluete mai conturate.<\/p>\n<p data-start=\"1834\" data-end=\"2224\">C\u0103ma\u0219a Ema poate fi integrat\u0103 cu u\u0219urin\u021b\u0103 \u00een numeroase combina\u021bii vestimentare. Pentru un look office elegant, o po\u021bi purta cu pantaloni conici sau cu o fust\u0103 midi. Pentru un outfit casual modern, asorteaz-o cu jeans \u0219i pantofi cu toc sau chiar sneakers pentru un contrast actual. De asemenea, poate fi purtat\u0103 \u0219i peste pantaloni largi sau culottes, pentru un look sofisticat \u0219i echilibrat.<\/p>\n<p data-start=\"2226\" data-end=\"2600\">Detaliile atent realizate completeaz\u0103 designul acestei piese. Linia gulerului este clasic\u0103 \u0219i elegant\u0103, iar m\u00e2necile pot fi purtate lungi sau u\u0219or suflecate pentru un aer relaxat. Fiecare cus\u0103tur\u0103 este realizat\u0103 cu grij\u0103, oferind un finisaj de calitate \u0219i un aspect \u00eengrijit. Cureaua \u00een talie devine punctul central al piesei, transform\u00e2nd c\u0103ma\u0219a \u00eentr-un element distinctiv.<\/p>\n<p data-start=\"2602\" data-end=\"2969\">Culoarea \u0219i designul minimalist permit accesorizarea \u00een func\u021bie de stilul dorit. Poate fi completat\u0103 cu bijuterii fine pentru un look sofisticat sau cu accesorii statement pentru un efect mai \u00eendr\u0103zne\u021b. Datorit\u0103 croielii versatile, c\u0103ma\u0219a cu curea \u00een talie Ema poate fi purtat\u0103 at\u00e2t \u00eentr-o \u021binut\u0103 monocrom\u0103, c\u00e2t \u0219i \u00eentr-o combina\u021bie de texturi \u0219i nuan\u021be contrastante.<\/p>\n<p data-start=\"2971\" data-end=\"3227\">\u00cen ceea ce prive\u0219te \u00eentre\u021binerea, materialul este u\u0219or de \u00eengrijit \u0219i \u00ee\u0219i p\u0103streaz\u0103 forma \u0219i culoarea \u00een timp, dac\u0103 sunt respectate instruc\u021biunile de sp\u0103lare. Este o pies\u0103 durabil\u0103, conceput\u0103 pentru a fi purtat\u0103 sezon dup\u0103 sezon, f\u0103r\u0103 a-\u0219i pierde farmecul.<\/p>\n<p data-start=\"3229\" data-end=\"3546\">C\u0103ma\u0219a cu curea \u00een talie Ema este alegerea ideal\u0103 pentru femeile care \u00ee\u0219i doresc o pies\u0103 versatil\u0103, feminin\u0103 \u0219i actual\u0103. \u00cembin\u0103 elegan\u021ba clasic\u0103 cu detaliile moderne, oferind libertate de stilizare \u0219i confort. Este acel articol vestimentar care \u00ee\u021bi ofer\u0103 \u00eencredere \u0219i te ajut\u0103 s\u0103 creezi \u021binute armonioase, f\u0103r\u0103 efort.<\/p>\n<p data-start=\"3548\" data-end=\"3714\" data-is-last-node=\"\" data-is-only-node=\"\">Alege c\u0103ma\u0219a Ema pentru a ad\u0103uga garderobei tale o pies\u0103 care define\u0219te silueta, pune \u00een valoare feminitatea \u0219i \u00ee\u021bi ofer\u0103 un look sofisticat \u00een orice moment al zilei.<\/p>\n<\/div>\n<\/div>\n<\/div>\n<\/div>\n<div class=\"z-0 flex min-h-[46px] justify-start\">\n<article class=\"text-token-text-primary w-full focus:outline-none [--shadow-height:45px] has-data-writing-block:pointer-events-none has-data-writing-block:-mt-(--shadow-height) has-data-writing-block:pt-(--shadow-height) [&amp;:has([data-writing-block])&gt;*]:pointer-events-auto scroll-mt-(--header-height)\" dir=\"auto\" tabindex=\"-1\" data-turn-id=\"367159bd-4547-4eb6-975c-366ad54b421f\" data-testid=\"conversation-turn-23\" data-scroll-anchor=\"false\" data-turn=\"user\"><\/article>\n<article class=\"text-token-text-primary w-full focus:outline-none [--shadow-height:45px] has-data-writing-block:pointer-events-none has-data-writing-block:-mt-(--shadow-height) has-data-writing-block:pt-(--shadow-height) [&amp;:has([data-writing-block])&gt;*]:pointer-events-auto scroll-mt-[calc(var(--header-height)+min(200px,max(70px,20svh)))]\" dir=\"auto\" tabindex=\"-1\" data-turn-id=\"request-WEB:845c565d-e47f-4447-a305-ae44619f2bb8-16\" data-testid=\"conversation-turn-24\" data-scroll-anchor=\"true\" data-turn=\"assistant\">\n<div class=\"text-base my-auto mx-auto pb-10 [--thread-content-margin:--spacing(4)] @w-sm\/main:[--thread-content-margin:--spacing(6)] @w-lg\/main:[--thread-content-margin:--spacing(16)] px-(--thread-content-margin)\">\n<div class=\"[--thread-content-max-width:40rem] @w-lg\/main:[--thread-content-max-width:48rem] mx-auto max-w-(--thread-content-max-width) flex-1 group\/turn-messages focus-visible:outline-hidden relative flex w-full min-w-0 flex-col agent-turn\" tabindex=\"-1\">\n<div class=\"flex max-w-full flex-col grow\">\n<div class=\"min-h-8 text-message relative flex w-full flex-col items-end gap-2 text-start break-words whitespace-normal [.text-message+&amp;]:mt-1\" dir=\"auto\" data-message-author-role=\"assistant\" data-message-id=\"426db141-af13-4ef1-bc80-f10ff398c584\" data-message-model-slug=\"gpt-5-2\">\n<div class=\"flex w-full flex-col gap-1 empty:hidden first:pt-[1px]\">\n<div class=\"markdown prose dark:prose-invert w-full wrap-break-word light markdown-new-styling\">\n<p data-start=\"0\" data-end=\"422\">C\u0103ma\u0219a cu curea \u00een talie Ema este genul de pies\u0103 care \u00ee\u021bi simplific\u0103 procesul de styling \u0219i \u00ee\u021bi ofer\u0103 instant un look bine definit. Datorit\u0103 taliei marcate, nu mai este nevoie s\u0103 adaugi curele suplimentare sau artificii pentru a crea propor\u021bii armonioase \u2013 designul face totul pentru tine. Este ideal\u0103 pentru zilele \u00een care \u00ee\u021bi dore\u0219ti s\u0103 ar\u0103\u021bi \u00eengrijit \u0219i elegant, f\u0103r\u0103 s\u0103 petreci mult timp aleg\u00e2nd combina\u021bii complicate.<\/p>\n<p data-start=\"424\" data-end=\"792\">Po\u021bi purta c\u0103ma\u0219a Ema at\u00e2t introdus\u0103 u\u0219or \u00een talie, c\u00e2t \u0219i l\u0103sat\u0103 lejer, \u00een func\u021bie de efectul dorit. Dac\u0103 vrei s\u0103 pari mai \u00eenalt\u0103, asorteaz-o cu pantaloni cu talie \u00eenalt\u0103 \u0219i pantofi \u00een aceea\u0219i nuan\u021b\u0103 cu pantalonii, pentru a crea continuitate vizual\u0103. Pentru un look mai relaxat, o po\u021bi combina cu jean\u0219i \u0219i accesorii minimaliste, ob\u021bin\u00e2nd un outfit modern \u0219i feminin.<\/p>\n<p data-start=\"794\" data-end=\"1063\" data-is-last-node=\"\" data-is-only-node=\"\">Este o pies\u0103 potrivit\u0103 pentru femeile care apreciaz\u0103 echilibrul dintre confort \u0219i elegan\u021b\u0103. C\u0103ma\u0219a cu curea \u00een talie Ema adaug\u0103 structur\u0103, stil \u0219i un plus de \u00eencredere fiec\u0103rei apari\u021bii, devenind rapid una dintre acele piese de baz\u0103 pe care te po\u021bi baza \u00een orice sezon.<\/p>\n<\/div>\n<\/div>\n<\/div>\n<\/div>\n<\/div>\n<\/div>\n<\/article>\n<\/div>\n<div class=\"mt-3 w-full empty:hidden\">\n<div class=\"text-center\"><\/div>\n<\/div>\n<\/div>\n<\/div>\n<\/article>\n<\/div>\n<div class=\"pointer-events-none h-px w-px absolute bottom-0\" aria-hidden=\"true\" data-edge=\"true\"><\/div>\n<\/div>\n<\/div>\n<\/div>\n<\/div>\n<\/article>\n<\/div>\n<div class=\"pointer-events-none h-px w-px absolute bottom-0\" aria-hidden=\"true\" data-edge=\"true\"><\/div>\n<\/div>\n<\/div>\n<\/div>\n<\/div>\n<div class=\"mt-3 w-full empty:hidden\">\n<div class=\"text-center\">\n<article class=\"text-token-text-primary w-full focus:outline-none [--shadow-height:45px] has-data-writing-block:pointer-events-none has-data-writing-block:-mt-(--shadow-height) has-data-writing-block:pt-(--shadow-height) [&amp;:has([data-writing-block])&gt;*]:pointer-events-auto scroll-mt-(--header-height)\" dir=\"auto\" tabindex=\"-1\" data-turn-id=\"cb69fcbe-c2ed-4e58-87ea-b48f26dc502e\" data-testid=\"conversation-turn-9\" data-scroll-anchor=\"false\" data-turn=\"user\"><\/article>\n<article class=\"text-token-text-primary w-full focus:outline-none [--shadow-height:45px] has-data-writing-block:pointer-events-none has-data-writing-block:-mt-(--shadow-height) has-data-writing-block:pt-(--shadow-height) [&amp;:has([data-writing-block])&gt;*]:pointer-events-auto scroll-mt-[calc(var(--header-height)+min(200px,max(70px,20svh)))]\" dir=\"auto\" tabindex=\"-1\" data-turn-id=\"request-WEB:845c565d-e47f-4447-a305-ae44619f2bb8-9\" data-testid=\"conversation-turn-10\" data-scroll-anchor=\"true\" data-turn=\"assistant\">\n<div class=\"text-base my-auto mx-auto pb-10 [--thread-content-margin:--spacing(4)] @w-sm\/main:[--thread-content-margin:--spacing(6)] @w-lg\/main:[--thread-content-margin:--spacing(16)] px-(--thread-content-margin)\">\n<div class=\"[--thread-content-max-width:40rem] @w-lg\/main:[--thread-content-max-width:48rem] mx-auto max-w-(--thread-content-max-width) flex-1 group\/turn-messages focus-visible:outline-hidden relative flex w-full min-w-0 flex-col agent-turn\" tabindex=\"-1\">\n<div class=\"flex max-w-full flex-col grow\">\n<div class=\"min-h-8 text-message relative flex w-full flex-col items-end gap-2 text-start break-words whitespace-normal [.text-message+&amp;]:mt-1\" dir=\"auto\" data-message-author-role=\"assistant\" data-message-id=\"0335cffd-872b-4be1-b708-b4616a7aeeb7\" data-message-model-slug=\"gpt-5-2\">\n<div class=\"flex w-full flex-col gap-1 empty:hidden first:pt-[1px]\">\n<div class=\"markdown prose dark:prose-invert w-full wrap-break-word light markdown-new-styling\"><\/div>\n<\/div>\n<\/div>\n<\/div>\n<\/div>\n<\/div>\n<\/article>\n<\/div>\n<\/div>\n<\/div>\n<\/div>\n<\/article>\n<\/div>\n<\/div>\n<\/div>\n<div class=\"mt-3 w-full empty:hidden\">\n<div class=\"text-center\"><\/div>\n<\/div>\n<\/div>\n<\/div>\n<\/article>\n<\/div>\n<div class=\"pointer-events-none h-px w-px absolute bottom-0\" aria-hidden=\"true\" data-edge=\"true\"><\/div>\n","protected":false},"excerpt":{"rendered":"<p>&nbsp;<\/p>\n<ul>\n<li>Modelul poarta marimea 34 si are inaltimea 1.79 cm.<\/li>\n<li>Compozitie: 90%poliester,10%bumbac<\/li>\n<\/ul>\n<p>&nbsp;<\/p>","protected":false},"featured_media":205394,"comment_status":"open","ping_status":"closed","template":"","meta":[],"product_brand":[],"product_cat":[436,28,447,506],"product_tag":[],"class_list":{"0":"post-205389","1":"product","2":"type-product","3":"status-publish","4":"has-post-thumbnail","6":"product_cat-haine-dama","7":"product_cat-camasi-dama","8":"product_cat-camasi-office-dama","9":"product_cat-noua-colectie","10":"pa_colectie-primavara-vara-2026","11":"pa_culoare-roz","12":"pa_marime-21","13":"pa_marime-22","14":"pa_marime-23","15":"pa_marime-25","16":"shop-item","17":"sr-item","19":"first","20":"instock","21":"taxable","22":"shipping-taxable","23":"purchasable","24":"product-type-variable"},"_links":{"self":[{"href":"https:\/\/www.etic.ro\/en\/wp-json\/wp\/v2\/product\/205389","targetHints":{"allow":["GET"]}}],"collection":[{"href":"https:\/\/www.etic.ro\/en\/wp-json\/wp\/v2\/product"}],"about":[{"href":"https:\/\/www.etic.ro\/en\/wp-json\/wp\/v2\/types\/product"}],"replies":[{"embeddable":true,"href":"https:\/\/www.etic.ro\/en\/wp-json\/wp\/v2\/comments?post=205389"}],"wp:featuredmedia":[{"embeddable":true,"href":"https:\/\/www.etic.ro\/en\/wp-json\/wp\/v2\/media\/205394"}],"wp:attachment":[{"href":"https:\/\/www.etic.ro\/en\/wp-json\/wp\/v2\/media?parent=205389"}],"wp:term":[{"taxonomy":"product_brand","embeddable":true,"href":"https:\/\/www.etic.ro\/en\/wp-json\/wp\/v2\/product_brand?post=205389"},{"taxonomy":"product_cat","embeddable":true,"href":"https:\/\/www.etic.ro\/en\/wp-json\/wp\/v2\/product_cat?post=205389"},{"taxonomy":"product_tag","embeddable":true,"href":"https:\/\/www.etic.ro\/en\/wp-json\/wp\/v2\/product_tag?post=205389"}],"curies":[{"name":"wp","href":"https:\/\/api.w.org\/{rel}","templated":true}]}}